{"id":6489,"date":"2024-01-13T01:54:01","date_gmt":"2024-01-13T00:54:01","guid":{"rendered":"https:\/\/www.nordics.ch\/?page_id=6489"},"modified":"2025-05-20T01:58:07","modified_gmt":"2025-05-19T23:58:07","slug":"vivez-lesprit-nordique-au-coeur-de-geneve","status":"publish","type":"page","link":"https:\/\/www.nordics.ch\/?page_id=6489","title":{"rendered":"Vivez l&#8217;esprit nordique au c\u0153ur de Gen\u00e8ve!"},"content":{"rendered":"\n<figure class=\"wp-block-video\"><video controls src=\"https:\/\/www.nordics.ch\/wordpress\/wp-content\/uploads\/2024\/01\/Welcome-to-the-Nordics-Club-Geneva-Copy.mp4\"><\/video><\/figure>\n\n\n\n<p>Bienvenue au Nordics Club Gen\u00e8ve! Fond\u00e9 en 1949 par des Nordiques visionnaires, notre club s&#8217;\u00e9panouit en tant que communaut\u00e9 diverse et dynamique, accueillant \u00e0 la fois les jeunes et ceux qui sont jeunes de c\u0153ur. Bas\u00e9 \u00e0 Gen\u00e8ve, nous attirons des membres des r\u00e9gions francophones de la Suisse, en particulier de Gen\u00e8ve et de Vaud, ainsi que de la France voisine. Joignez-vous \u00e0 nous pour c\u00e9l\u00e9brer les riches traditions nordiques, infus\u00e9es d&#8217;une \u00e9nergie contemporaine.<\/p>\n\n\n\n<p><\/p>\n\n\n\n<figure class=\"wp-block-image size-large\"><img loading=\"lazy\" width=\"1024\" height=\"476\" src=\"http:\/\/www.nordics.ch\/wordpress\/wp-content\/uploads\/2024\/01\/why-join-us-1024x476.png\" alt=\"\" class=\"wp-image-6471\" srcset=\"https:\/\/www.nordics.ch\/wordpress\/wp-content\/uploads\/2024\/01\/why-join-us-1024x476.png 1024w, https:\/\/www.nordics.ch\/wordpress\/wp-content\/uploads\/2024\/01\/why-join-us-300x140.png 300w, https:\/\/www.nordics.ch\/wordpress\/wp-content\/uploads\/2024\/01\/why-join-us-768x357.png 768w, https:\/\/www.nordics.ch\/wordpress\/wp-content\/uploads\/2024\/01\/why-join-us.png 1200w\" sizes=\"(max-width: 1024px) 100vw, 1024px\" \/><figcaption><strong>Pourquoi nous rejoindre?<\/strong><\/figcaption><\/figure>\n\n\n\n<div class=\"wp-container-3 wp-block-columns\">\n<div class=\"wp-container-1 wp-block-column\" style=\"flex-basis:66.66%\">\n<figure class=\"wp-block-image size-large\"><img loading=\"lazy\" width=\"1024\" height=\"585\" src=\"http:\/\/www.nordics.ch\/wordpress\/wp-content\/uploads\/2023\/10\/DALL\u00b7E-2023-10-23-10.16.40-Wide-banner-style-image-presenting-a-harmonious-blend-of-Finnish-and-Genevan-culture.-On-the-shores-of-Lake-Geneva-or-perhaps-floating-atop-its-gentl-1024x585.png\" alt=\"\" class=\"wp-image-6455\" srcset=\"https:\/\/www.nordics.ch\/wordpress\/wp-content\/uploads\/2023\/10\/DALL\u00b7E-2023-10-23-10.16.40-Wide-banner-style-image-presenting-a-harmonious-blend-of-Finnish-and-Genevan-culture.-On-the-shores-of-Lake-Geneva-or-perhaps-floating-atop-its-gentl-1024x585.png 1024w, https:\/\/www.nordics.ch\/wordpress\/wp-content\/uploads\/2023\/10\/DALL\u00b7E-2023-10-23-10.16.40-Wide-banner-style-image-presenting-a-harmonious-blend-of-Finnish-and-Genevan-culture.-On-the-shores-of-Lake-Geneva-or-perhaps-floating-atop-its-gentl-300x171.png 300w, https:\/\/www.nordics.ch\/wordpress\/wp-content\/uploads\/2023\/10\/DALL\u00b7E-2023-10-23-10.16.40-Wide-banner-style-image-presenting-a-harmonious-blend-of-Finnish-and-Genevan-culture.-On-the-shores-of-Lake-Geneva-or-perhaps-floating-atop-its-gentl-768x439.png 768w, https:\/\/www.nordics.ch\/wordpress\/wp-content\/uploads\/2023\/10\/DALL\u00b7E-2023-10-23-10.16.40-Wide-banner-style-image-presenting-a-harmonious-blend-of-Finnish-and-Genevan-culture.-On-the-shores-of-Lake-Geneva-or-perhaps-floating-atop-its-gentl-1536x878.png 1536w, https:\/\/www.nordics.ch\/wordpress\/wp-content\/uploads\/2023\/10\/DALL\u00b7E-2023-10-23-10.16.40-Wide-banner-style-image-presenting-a-harmonious-blend-of-Finnish-and-Genevan-culture.-On-the-shores-of-Lake-Geneva-or-perhaps-floating-atop-its-gentl.png 1792w\" sizes=\"(max-width: 1024px) 100vw, 1024px\" \/><\/figure>\n<\/div>\n\n\n\n<div class=\"wp-container-2 wp-block-column\" style=\"flex-basis:33.33%\">\n<p><strong>\u00c9v\u00e9nements Divers<\/strong>: Des galas culturels aux afterworks anim\u00e9s, en passant par des c\u00e9l\u00e9brations uniques telles que l&#8217;Oktoberfest et l&#8217;\u00e9lectrisant Eurovision, il y en a pour tous les go\u00fbts.<\/p>\n\n\n\n<p><\/p>\n<\/div>\n<\/div>\n\n\n\n<div class=\"wp-container-6 wp-block-columns\">\n<div class=\"wp-container-4 wp-block-column\" style=\"flex-basis:66.66%\">\n<figure class=\"wp-block-image size-large\"><img loading=\"lazy\" width=\"1024\" height=\"585\" src=\"http:\/\/www.nordics.ch\/wordpress\/wp-content\/uploads\/2023\/10\/DALL\u00b7E-2023-10-23-09.55.38-Wide-banner-style-image-showcasing-Genevas-lakeside-beauty.-The-Jet-dEau-is-prominent-its-majestic-spray-of-water-creating-a-focal-point.-Spread-ac-1024x585.png\" alt=\"\" class=\"wp-image-6452\" srcset=\"https:\/\/www.nordics.ch\/wordpress\/wp-content\/uploads\/2023\/10\/DALL\u00b7E-2023-10-23-09.55.38-Wide-banner-style-image-showcasing-Genevas-lakeside-beauty.-The-Jet-dEau-is-prominent-its-majestic-spray-of-water-creating-a-focal-point.-Spread-ac-1024x585.png 1024w, https:\/\/www.nordics.ch\/wordpress\/wp-content\/uploads\/2023\/10\/DALL\u00b7E-2023-10-23-09.55.38-Wide-banner-style-image-showcasing-Genevas-lakeside-beauty.-The-Jet-dEau-is-prominent-its-majestic-spray-of-water-creating-a-focal-point.-Spread-ac-300x171.png 300w, https:\/\/www.nordics.ch\/wordpress\/wp-content\/uploads\/2023\/10\/DALL\u00b7E-2023-10-23-09.55.38-Wide-banner-style-image-showcasing-Genevas-lakeside-beauty.-The-Jet-dEau-is-prominent-its-majestic-spray-of-water-creating-a-focal-point.-Spread-ac-768x439.png 768w, https:\/\/www.nordics.ch\/wordpress\/wp-content\/uploads\/2023\/10\/DALL\u00b7E-2023-10-23-09.55.38-Wide-banner-style-image-showcasing-Genevas-lakeside-beauty.-The-Jet-dEau-is-prominent-its-majestic-spray-of-water-creating-a-focal-point.-Spread-ac-1536x878.png 1536w, https:\/\/www.nordics.ch\/wordpress\/wp-content\/uploads\/2023\/10\/DALL\u00b7E-2023-10-23-09.55.38-Wide-banner-style-image-showcasing-Genevas-lakeside-beauty.-The-Jet-dEau-is-prominent-its-majestic-spray-of-water-creating-a-focal-point.-Spread-ac.png 1792w\" sizes=\"(max-width: 1024px) 100vw, 1024px\" \/><\/figure>\n<\/div>\n\n\n\n<div class=\"wp-container-5 wp-block-column\" style=\"flex-basis:33.33%\">\n<p><strong>Traditions Nordiques<\/strong>: Plongez-vous dans l&#8217;authentique ambiance nordique avec des \u00e9v\u00e9nements tels que la f\u00eate des \u00e9crevisses et bien d&#8217;autres festivit\u00e9s qui refl\u00e8tent l&#8217;essence du Danemark, de la Finlande, de l&#8217;Islande, de la Norv\u00e8ge, de la Su\u00e8de et des pays Baltes.<\/p>\n<\/div>\n<\/div>\n\n\n\n<div class=\"wp-container-9 wp-block-columns\">\n<div class=\"wp-container-7 wp-block-column\" style=\"flex-basis:66.66%\">\n<figure class=\"wp-block-image size-large\"><img loading=\"lazy\" width=\"1024\" height=\"585\" src=\"http:\/\/www.nordics.ch\/wordpress\/wp-content\/uploads\/2023\/10\/DALL\u00b7E-2023-10-23-09.59.35-Photo-realistic-wide-image-showcasing-Genevas-historic-old-town.-The-aged-buildings-and-cobblestone-streets-are-bathed-in-the-soft-ethereal-glow-of--1024x585.png\" alt=\"\" class=\"wp-image-6456\" srcset=\"https:\/\/www.nordics.ch\/wordpress\/wp-content\/uploads\/2023\/10\/DALL\u00b7E-2023-10-23-09.59.35-Photo-realistic-wide-image-showcasing-Genevas-historic-old-town.-The-aged-buildings-and-cobblestone-streets-are-bathed-in-the-soft-ethereal-glow-of--1024x585.png 1024w, https:\/\/www.nordics.ch\/wordpress\/wp-content\/uploads\/2023\/10\/DALL\u00b7E-2023-10-23-09.59.35-Photo-realistic-wide-image-showcasing-Genevas-historic-old-town.-The-aged-buildings-and-cobblestone-streets-are-bathed-in-the-soft-ethereal-glow-of--300x171.png 300w, https:\/\/www.nordics.ch\/wordpress\/wp-content\/uploads\/2023\/10\/DALL\u00b7E-2023-10-23-09.59.35-Photo-realistic-wide-image-showcasing-Genevas-historic-old-town.-The-aged-buildings-and-cobblestone-streets-are-bathed-in-the-soft-ethereal-glow-of--768x439.png 768w, https:\/\/www.nordics.ch\/wordpress\/wp-content\/uploads\/2023\/10\/DALL\u00b7E-2023-10-23-09.59.35-Photo-realistic-wide-image-showcasing-Genevas-historic-old-town.-The-aged-buildings-and-cobblestone-streets-are-bathed-in-the-soft-ethereal-glow-of--1536x878.png 1536w, https:\/\/www.nordics.ch\/wordpress\/wp-content\/uploads\/2023\/10\/DALL\u00b7E-2023-10-23-09.59.35-Photo-realistic-wide-image-showcasing-Genevas-historic-old-town.-The-aged-buildings-and-cobblestone-streets-are-bathed-in-the-soft-ethereal-glow-of-.png 1792w\" sizes=\"(max-width: 1024px) 100vw, 1024px\" \/><\/figure>\n<\/div>\n\n\n\n<div class=\"wp-container-8 wp-block-column\" style=\"flex-basis:33.33%\">\n<p><strong><strong>Voyages Aventure<\/strong>: <\/strong>Embarquez pour des escapades de ski, des randonn\u00e9es paisibles et plus encore. D\u00e9couvrez la beaut\u00e9 de la nature \u00e0 la mode nordique.<\/p>\n<\/div>\n<\/div>\n\n\n\n<div class=\"wp-container-12 wp-block-columns\">\n<div class=\"wp-container-10 wp-block-column\" style=\"flex-basis:66.66%\">\n<figure class=\"wp-block-image size-large\"><img loading=\"lazy\" width=\"1024\" height=\"585\" src=\"http:\/\/www.nordics.ch\/wordpress\/wp-content\/uploads\/2023\/10\/DALL\u00b7E-2023-10-23-10.11.44-Wide-banner-style-image-offering-a-panoramic-view-of-Genevas-skyline-dominated-by-its-historic-and-traditional-buildings.-Interspersed-among-these-s-1024x585.png\" alt=\"\" class=\"wp-image-6454\" srcset=\"https:\/\/www.nordics.ch\/wordpress\/wp-content\/uploads\/2023\/10\/DALL\u00b7E-2023-10-23-10.11.44-Wide-banner-style-image-offering-a-panoramic-view-of-Genevas-skyline-dominated-by-its-historic-and-traditional-buildings.-Interspersed-among-these-s-1024x585.png 1024w, https:\/\/www.nordics.ch\/wordpress\/wp-content\/uploads\/2023\/10\/DALL\u00b7E-2023-10-23-10.11.44-Wide-banner-style-image-offering-a-panoramic-view-of-Genevas-skyline-dominated-by-its-historic-and-traditional-buildings.-Interspersed-among-these-s-300x171.png 300w, https:\/\/www.nordics.ch\/wordpress\/wp-content\/uploads\/2023\/10\/DALL\u00b7E-2023-10-23-10.11.44-Wide-banner-style-image-offering-a-panoramic-view-of-Genevas-skyline-dominated-by-its-historic-and-traditional-buildings.-Interspersed-among-these-s-768x439.png 768w, https:\/\/www.nordics.ch\/wordpress\/wp-content\/uploads\/2023\/10\/DALL\u00b7E-2023-10-23-10.11.44-Wide-banner-style-image-offering-a-panoramic-view-of-Genevas-skyline-dominated-by-its-historic-and-traditional-buildings.-Interspersed-among-these-s-1536x878.png 1536w, https:\/\/www.nordics.ch\/wordpress\/wp-content\/uploads\/2023\/10\/DALL\u00b7E-2023-10-23-10.11.44-Wide-banner-style-image-offering-a-panoramic-view-of-Genevas-skyline-dominated-by-its-historic-and-traditional-buildings.-Interspersed-among-these-s.png 1792w\" sizes=\"(max-width: 1024px) 100vw, 1024px\" \/><\/figure>\n<\/div>\n\n\n\n<div class=\"wp-container-11 wp-block-column\" style=\"flex-basis:33.33%\">\n<p><strong>Activit\u00e9s Authentiques<\/strong>: Plongez-vous dans la relaxation nordique avec des s\u00e9ances de sauna et bien plus. Ce n&#8217;est pas qu&#8217;une activit\u00e9, c&#8217;est une tradition.<\/p>\n<\/div>\n<\/div>\n\n\n\n<p>Que vous soyez c\u00e9libataire, en couple ou en famille, vous \u00eates s\u00fbr de trouver votre tribu ici. Connectez-vous avec des gens incroyables, embrassez de nouvelles exp\u00e9riences et cr\u00e9ons ensemble des souvenirs inoubliables! Votre aventure nordique \u00e0 Gen\u00e8ve commence ici.<\/p>\n\n\n\n<p><em>Pour ceux qui sont passionn\u00e9s par les cultures nordiques ou simplement \u00e0 la recherche d&#8217;une communaut\u00e9 excitante \u00e0 Gen\u00e8ve et Vaud, le Nordics Club est votre destination de choix.<\/em><\/p>\n","protected":false},"excerpt":{"rendered":"<p>Bienvenue au Nordics Club Gen\u00e8ve! Fond\u00e9 en 1949 par des Nordiques visionnaires, notre club s&#8217;\u00e9panouit en tant que communaut\u00e9 diverse et dynamique, accueillant \u00e0 la fois les jeunes et ceux qui sont jeunes de c\u0153ur. Bas\u00e9 \u00e0 Gen\u00e8ve, nous attirons des membres des r\u00e9gions francophones de la Suisse, en particulier de Gen\u00e8ve et de Vaud, &hellip; <a href=\"https:\/\/www.nordics.ch\/?page_id=6489\" class=\"more-link\">Continue reading <span class=\"screen-reader-text\">Vivez l&#8217;esprit nordique au c\u0153ur de Gen\u00e8ve!<\/span> <span class=\"meta-nav\">&rarr;<\/span><\/a><\/p>\n","protected":false},"author":9,"featured_media":0,"parent":6470,"menu_order":7,"comment_status":"closed","ping_status":"closed","template":"","meta":[],"acf":[],"_links":{"self":[{"href":"https:\/\/www.nordics.ch\/index.php?rest_route=\/wp\/v2\/pages\/6489"}],"collection":[{"href":"https:\/\/www.nordics.ch\/index.php?rest_route=\/wp\/v2\/pages"}],"about":[{"href":"https:\/\/www.nordics.ch\/index.php?rest_route=\/wp\/v2\/types\/page"}],"author":[{"embeddable":true,"href":"https:\/\/www.nordics.ch\/index.php?rest_route=\/wp\/v2\/users\/9"}],"replies":[{"embeddable":true,"href":"https:\/\/www.nordics.ch\/index.php?rest_route=%2Fwp%2Fv2%2Fcomments&post=6489"}],"version-history":[{"count":1,"href":"https:\/\/www.nordics.ch\/index.php?rest_route=\/wp\/v2\/pages\/6489\/revisions"}],"predecessor-version":[{"id":6490,"href":"https:\/\/www.nordics.ch\/index.php?rest_route=\/wp\/v2\/pages\/6489\/revisions\/6490"}],"up":[{"embeddable":true,"href":"https:\/\/www.nordics.ch\/index.php?rest_route=\/wp\/v2\/pages\/6470"}],"wp:attachment":[{"href":"https:\/\/www.nordics.ch\/index.php?rest_route=%2Fwp%2Fv2%2Fmedia&parent=6489"}],"curies":[{"name":"wp","href":"https:\/\/api.w.org\/{rel}","templated":true}]}}